{"id":453,"date":"2020-06-30T12:21:36","date_gmt":"2020-06-30T12:21:36","guid":{"rendered":"http:\/\/maedchenlager.stbruno.de\/?page_id=453"},"modified":"2026-08-16T16:44:18","modified_gmt":"2026-08-16T15:44:18","slug":"tagebuch-2019-test","status":"publish","type":"page","link":"https:\/\/maedchenlager.stbruno.de\/?page_id=453","title":{"rendered":"Tagebuch 2019"},"content":{"rendered":"<div class='pt-cv-wrapper'> <div class=\"pt-cv-view pt-cv-blockgrid iscvblock iscvreal grid1 layout2\" id=\"pt-cv-view-i5ln5ey3\"><div data-id=\"pt-cv-page-1\" class=\"pt-cv-page\" data-cvc=\"3\"><div class=\" pt-cv-content-item pt-cv-1-col\" ><div class=\"pt-cv-thumb-wrapper  \"><a href=\"https:\/\/maedchenlager.stbruno.de\/?p=150\" class=\"_blank pt-cv-href-thumbnail pt-cv-thumb-default\" target=\"_blank\" ><img loading=\"lazy\" decoding=\"async\" width=\"768\" height=\"510\" src=\"https:\/\/maedchenlager.stbruno.de\/wp-content\/uploads\/2019\/08\/DSC00363-768x510.jpg\" class=\"pt-cv-thumbnail\" alt=\"\" \/><\/a><\/div>\n<div class=\"pt-cv-remain-wrapper\"><h4 class=\"pt-cv-title\"><a href=\"https:\/\/maedchenlager.stbruno.de\/?p=150\" class=\"_blank\" target=\"_blank\" >Tag 1  (10.08)<\/a><\/h4><div class=\"pt-cv-content\">Heute sind wir schon um 06:00 Uhr Richtung \u00d6sterreich gestartet. Nach einer langen Busfahrt sind wir dann endlich in Radstadt &#8230;<\/div><div class=\"pt-cv-rmwrap\"><a href=\"https:\/\/maedchenlager.stbruno.de\/?p=150\" class=\"_blank pt-cv-readmore btn btn-success\" target=\"_blank\" >Weiterlesen<\/a><\/div><\/div><\/div>\n<div class=\" pt-cv-content-item pt-cv-1-col\" ><div class=\"pt-cv-thumb-wrapper  \"><a href=\"https:\/\/maedchenlager.stbruno.de\/?p=168\" class=\"_blank pt-cv-href-thumbnail pt-cv-thumb-default\" target=\"_blank\" ><img loading=\"lazy\" decoding=\"async\" width=\"768\" height=\"510\" src=\"https:\/\/maedchenlager.stbruno.de\/wp-content\/uploads\/2019\/08\/DSC00876-1-768x510.jpg\" class=\"pt-cv-thumbnail\" alt=\"\" \/><\/a><\/div>\n<div class=\"pt-cv-remain-wrapper\"><h4 class=\"pt-cv-title\"><a href=\"https:\/\/maedchenlager.stbruno.de\/?p=168\" class=\"_blank\" target=\"_blank\" >Tag 2  (11.08.)<\/a><\/h4><div class=\"pt-cv-content\">An unserem zweiten Tag in Radstadt haben die Kinder das Motto des Lagers erfahren: Games of Sola. W\u00e4hrend des Lagers &#8230;<\/div><div class=\"pt-cv-rmwrap\"><a href=\"https:\/\/maedchenlager.stbruno.de\/?p=168\" class=\"_blank pt-cv-readmore btn btn-success\" target=\"_blank\" >Weiterlesen<\/a><\/div><\/div><\/div>\n<div class=\" pt-cv-content-item pt-cv-1-col\" ><div class=\"pt-cv-thumb-wrapper  \"><a href=\"https:\/\/maedchenlager.stbruno.de\/?p=194\" class=\"_blank pt-cv-href-thumbnail pt-cv-thumb-default\" target=\"_blank\" ><img loading=\"lazy\" decoding=\"async\" width=\"768\" height=\"510\" src=\"https:\/\/maedchenlager.stbruno.de\/wp-content\/uploads\/2019\/08\/DSC00913-768x510.jpg\" class=\"pt-cv-thumbnail\" alt=\"\" \/><\/a><\/div>\n<div class=\"pt-cv-remain-wrapper\"><h4 class=\"pt-cv-title\"><a href=\"https:\/\/maedchenlager.stbruno.de\/?p=194\" class=\"_blank\" target=\"_blank\" >Tag 3  (12.08.)<\/a><\/h4><div class=\"pt-cv-content\">Der Tag startete heute nach einem leckeren Fr\u00fchst\u00fcck mit dem Spiel &#8222;Die ???-Wand&#8220;. Die Kinder mussten verschiedene Aufgaben erf\u00fcllen, wie &#8230;<\/div><div class=\"pt-cv-rmwrap\"><a href=\"https:\/\/maedchenlager.stbruno.de\/?p=194\" class=\"_blank pt-cv-readmore btn btn-success\" target=\"_blank\" >Weiterlesen<\/a><\/div><\/div><\/div>\n<div class=\" pt-cv-content-item pt-cv-1-col\" ><div class=\"pt-cv-thumb-wrapper  \"><a href=\"https:\/\/maedchenlager.stbruno.de\/?p=208\" class=\"_blank pt-cv-href-thumbnail pt-cv-thumb-default\" target=\"_blank\" ><img loading=\"lazy\" decoding=\"async\" width=\"768\" height=\"510\" src=\"https:\/\/maedchenlager.stbruno.de\/wp-content\/uploads\/2019\/08\/DSC00997-1-768x510.jpg\" class=\"pt-cv-thumbnail\" alt=\"\" \/><\/a><\/div>\n<div class=\"pt-cv-remain-wrapper\"><h4 class=\"pt-cv-title\"><a href=\"https:\/\/maedchenlager.stbruno.de\/?p=208\" class=\"_blank\" target=\"_blank\" >Tag 4 \u00a0(13.08.)<\/a><\/h4><div class=\"pt-cv-content\">Heute haben wir den Tag mit einem unserer Lieblingsspiele, Cluedo, gestartet. In dem Spiel geht es darum einen mysteri\u00f6sen Mordfall &#8230;<\/div><div class=\"pt-cv-rmwrap\"><a href=\"https:\/\/maedchenlager.stbruno.de\/?p=208\" class=\"_blank pt-cv-readmore btn btn-success\" target=\"_blank\" >Weiterlesen<\/a><\/div><\/div><\/div>\n<div class=\" pt-cv-content-item pt-cv-1-col\" ><div class=\"pt-cv-thumb-wrapper  \"><a href=\"https:\/\/maedchenlager.stbruno.de\/?p=220\" class=\"_blank pt-cv-href-thumbnail pt-cv-thumb-default\" target=\"_blank\" ><img loading=\"lazy\" decoding=\"async\" width=\"768\" height=\"510\" src=\"https:\/\/maedchenlager.stbruno.de\/wp-content\/uploads\/2019\/08\/DSC01344-768x510.jpg\" class=\"pt-cv-thumbnail\" alt=\"\" \/><\/a><\/div>\n<div class=\"pt-cv-remain-wrapper\"><h4 class=\"pt-cv-title\"><a href=\"https:\/\/maedchenlager.stbruno.de\/?p=220\" class=\"_blank\" target=\"_blank\" >Tag 5  (14.08.)<\/a><\/h4><div class=\"pt-cv-content\">Heute startete der Tag produktiv mit der Sportstafette. Bei dieser haben sich die Leiter auf dem Gel\u00e4nde verteilt und den &#8230;<\/div><div class=\"pt-cv-rmwrap\"><a href=\"https:\/\/maedchenlager.stbruno.de\/?p=220\" class=\"_blank pt-cv-readmore btn btn-success\" target=\"_blank\" >Weiterlesen<\/a><\/div><\/div><\/div>\n<div class=\" pt-cv-content-item pt-cv-1-col\" ><div class=\"pt-cv-thumb-wrapper  \"><a href=\"https:\/\/maedchenlager.stbruno.de\/?p=265\" class=\"_blank pt-cv-href-thumbnail pt-cv-thumb-default\" target=\"_blank\" ><img loading=\"lazy\" decoding=\"async\" width=\"768\" height=\"510\" src=\"https:\/\/maedchenlager.stbruno.de\/wp-content\/uploads\/2019\/08\/DSC01518-768x510.jpg\" class=\"pt-cv-thumbnail\" alt=\"\" \/><\/a><\/div>\n<div class=\"pt-cv-remain-wrapper\"><h4 class=\"pt-cv-title\"><a href=\"https:\/\/maedchenlager.stbruno.de\/?p=265\" class=\"_blank\" target=\"_blank\" >Tag 6  (15.08.)<\/a><\/h4><div class=\"pt-cv-content\">Unser Tag startete heute entspannt mit dem sogenannten traditionellen L\u00fcmmel-Fr\u00fchst\u00fcck. Mit einer deftigen Kartoffel-Suppe nach \u00f6sterreichischer Art starteten wir gemeinsam &#8230;<\/div><div class=\"pt-cv-rmwrap\"><a href=\"https:\/\/maedchenlager.stbruno.de\/?p=265\" class=\"_blank pt-cv-readmore btn btn-success\" target=\"_blank\" >Weiterlesen<\/a><\/div><\/div><\/div>\n<div class=\" pt-cv-content-item pt-cv-1-col\" ><div class=\"pt-cv-thumb-wrapper  \"><a href=\"https:\/\/maedchenlager.stbruno.de\/?p=272\" class=\"_blank pt-cv-href-thumbnail pt-cv-thumb-default\" target=\"_blank\" ><img loading=\"lazy\" decoding=\"async\" width=\"768\" height=\"511\" src=\"https:\/\/maedchenlager.stbruno.de\/wp-content\/uploads\/2019\/08\/DSC01527-1-768x511.jpg\" class=\"pt-cv-thumbnail\" alt=\"\" \/><\/a><\/div>\n<div class=\"pt-cv-remain-wrapper\"><h4 class=\"pt-cv-title\"><a href=\"https:\/\/maedchenlager.stbruno.de\/?p=272\" class=\"_blank\" target=\"_blank\" >Tag 7  (16.08.)<\/a><\/h4><div class=\"pt-cv-content\">Am heutigen Tag fuhren wir nach Salzburg, um dort einen sch\u00f6nen und ereignisreichen Tag zu verbringen. Zum Gl\u00fcck war das &#8230;<\/div><div class=\"pt-cv-rmwrap\"><a href=\"https:\/\/maedchenlager.stbruno.de\/?p=272\" class=\"_blank pt-cv-readmore btn btn-success\" target=\"_blank\" >Weiterlesen<\/a><\/div><\/div><\/div>\n<div class=\" pt-cv-content-item pt-cv-1-col\" ><div class=\"pt-cv-thumb-wrapper  \"><a href=\"https:\/\/maedchenlager.stbruno.de\/?p=296\" class=\"_blank pt-cv-href-thumbnail pt-cv-thumb-default\" target=\"_blank\" ><img loading=\"lazy\" decoding=\"async\" width=\"768\" height=\"510\" src=\"https:\/\/maedchenlager.stbruno.de\/wp-content\/uploads\/2019\/08\/DSC02085-768x510.jpg\" class=\"pt-cv-thumbnail\" alt=\"\" \/><\/a><\/div>\n<div class=\"pt-cv-remain-wrapper\"><h4 class=\"pt-cv-title\"><a href=\"https:\/\/maedchenlager.stbruno.de\/?p=296\" class=\"_blank\" target=\"_blank\" >Tag 8  (17.08.)<\/a><\/h4><div class=\"pt-cv-content\">Heute starteten wir den Tag mit der n\u00f6tigen SoLa-Frische. Wie der Name schon sagt, haben wir dabei unser Haus auf &#8230;<\/div><div class=\"pt-cv-rmwrap\"><a href=\"https:\/\/maedchenlager.stbruno.de\/?p=296\" class=\"_blank pt-cv-readmore btn btn-success\" target=\"_blank\" >Weiterlesen<\/a><\/div><\/div><\/div>\n<div class=\" pt-cv-content-item pt-cv-1-col\" ><div class=\"pt-cv-thumb-wrapper  \"><a href=\"https:\/\/maedchenlager.stbruno.de\/?p=324\" class=\"_blank pt-cv-href-thumbnail pt-cv-thumb-default\" target=\"_blank\" ><img loading=\"lazy\" decoding=\"async\" width=\"768\" height=\"510\" src=\"https:\/\/maedchenlager.stbruno.de\/wp-content\/uploads\/2019\/08\/DSC02182-768x510.jpg\" class=\"pt-cv-thumbnail\" alt=\"\" \/><\/a><\/div>\n<div class=\"pt-cv-remain-wrapper\"><h4 class=\"pt-cv-title\"><a href=\"https:\/\/maedchenlager.stbruno.de\/?p=324\" class=\"_blank\" target=\"_blank\" >Tag 9  (18.08.)<\/a><\/h4><div class=\"pt-cv-content\">Diesen sonnigen und warmen Sonntag haben wir heute mit bunten und vielseitigen Angeboten begonnen. Nach dem Fr\u00fchst\u00fcck hatten die Kinder &#8230;<\/div><div class=\"pt-cv-rmwrap\"><a href=\"https:\/\/maedchenlager.stbruno.de\/?p=324\" class=\"_blank pt-cv-readmore btn btn-success\" target=\"_blank\" >Weiterlesen<\/a><\/div><\/div><\/div>\n<div class=\" pt-cv-content-item pt-cv-1-col\" ><div class=\"pt-cv-thumb-wrapper  \"><a href=\"https:\/\/maedchenlager.stbruno.de\/?p=344\" class=\"_blank pt-cv-href-thumbnail pt-cv-thumb-default\" target=\"_blank\" ><img loading=\"lazy\" decoding=\"async\" width=\"768\" height=\"512\" src=\"https:\/\/maedchenlager.stbruno.de\/wp-content\/uploads\/2019\/08\/IMG_7865-1-768x512.jpg\" class=\"pt-cv-thumbnail\" alt=\"\" \/><\/a><\/div>\n<div class=\"pt-cv-remain-wrapper\"><h4 class=\"pt-cv-title\"><a href=\"https:\/\/maedchenlager.stbruno.de\/?p=344\" class=\"_blank\" target=\"_blank\" >Tag 10  (19.08.)<\/a><\/h4><div class=\"pt-cv-content\">Unser diesj\u00e4hriger Mottotag, der unter dem Motto \u201cGames of Sola\u201d stand, startete mit dem gemeinschaftlichen Wecken der Teilnehmer. Der Weg &#8230;<\/div><div class=\"pt-cv-rmwrap\"><a href=\"https:\/\/maedchenlager.stbruno.de\/?p=344\" class=\"_blank pt-cv-readmore btn btn-success\" target=\"_blank\" >Weiterlesen<\/a><\/div><\/div><\/div>\n<div class=\" pt-cv-content-item pt-cv-1-col\" ><div class=\"pt-cv-thumb-wrapper  \"><a href=\"https:\/\/maedchenlager.stbruno.de\/?p=379\" class=\"_blank pt-cv-href-thumbnail pt-cv-thumb-default\" target=\"_blank\" ><img loading=\"lazy\" decoding=\"async\" width=\"768\" height=\"510\" src=\"https:\/\/maedchenlager.stbruno.de\/wp-content\/uploads\/2019\/08\/DSC02880-768x510.jpg\" class=\"pt-cv-thumbnail\" alt=\"\" \/><\/a><\/div>\n<div class=\"pt-cv-remain-wrapper\"><h4 class=\"pt-cv-title\"><a href=\"https:\/\/maedchenlager.stbruno.de\/?p=379\" class=\"_blank\" target=\"_blank\" >Tag 11  (20.08.)<\/a><\/h4><div class=\"pt-cv-content\">Der Tag startete heute nach dem Fr\u00fchst\u00fcck mit dem sogenannten Drachenabsturzspiel. Dabei mussten die Kinder verschiedene Aufgaben erf\u00fcllen, jedoch hatte &#8230;<\/div><div class=\"pt-cv-rmwrap\"><a href=\"https:\/\/maedchenlager.stbruno.de\/?p=379\" class=\"_blank pt-cv-readmore btn btn-success\" target=\"_blank\" >Weiterlesen<\/a><\/div><\/div><\/div>\n<div class=\" pt-cv-content-item pt-cv-1-col\" ><div class=\"pt-cv-thumb-wrapper  \"><a href=\"https:\/\/maedchenlager.stbruno.de\/?p=393\" class=\"_blank pt-cv-href-thumbnail pt-cv-thumb-default\" target=\"_blank\" ><img loading=\"lazy\" decoding=\"async\" width=\"768\" height=\"512\" src=\"https:\/\/maedchenlager.stbruno.de\/wp-content\/uploads\/2019\/08\/IMG_8187-768x512.jpg\" class=\"pt-cv-thumbnail\" alt=\"\" \/><\/a><\/div>\n<div class=\"pt-cv-remain-wrapper\"><h4 class=\"pt-cv-title\"><a href=\"https:\/\/maedchenlager.stbruno.de\/?p=393\" class=\"_blank\" target=\"_blank\" >Tag 12  (21.08.)<\/a><\/h4><div class=\"pt-cv-content\">Heute am Teilnehmertag gab es als Special Br\u00f6tchen zum Fr\u00fchst\u00fcck. Das Morgenprogramm wurde von zwei der j\u00fcngsten Teinehmerinnen organisiert (Mini &#8230;<\/div><div class=\"pt-cv-rmwrap\"><a href=\"https:\/\/maedchenlager.stbruno.de\/?p=393\" class=\"_blank pt-cv-readmore btn btn-success\" target=\"_blank\" >Weiterlesen<\/a><\/div><\/div><\/div>\n<div class=\" pt-cv-content-item pt-cv-1-col\" ><div class=\"pt-cv-thumb-wrapper  \"><a href=\"https:\/\/maedchenlager.stbruno.de\/?p=403\" class=\"_blank pt-cv-href-thumbnail pt-cv-thumb-default\" target=\"_blank\" ><img loading=\"lazy\" decoding=\"async\" width=\"768\" height=\"512\" src=\"https:\/\/maedchenlager.stbruno.de\/wp-content\/uploads\/2019\/08\/IMG_8316-768x512.jpg\" class=\"pt-cv-thumbnail\" alt=\"\" \/><\/a><\/div>\n<div class=\"pt-cv-remain-wrapper\"><h4 class=\"pt-cv-title\"><a href=\"https:\/\/maedchenlager.stbruno.de\/?p=403\" class=\"_blank\" target=\"_blank\" >Tag 13  (22.08.)<\/a><\/h4><div class=\"pt-cv-content\">Heute sind wir sehr entspannt in den Tag gestartet, denn es war Zeit f\u00fcr das zweite L\u00fcFr\u00fch (L\u00fcmmelfr\u00fchst\u00fcck). Nach dem &#8230;<\/div><div class=\"pt-cv-rmwrap\"><a href=\"https:\/\/maedchenlager.stbruno.de\/?p=403\" class=\"_blank pt-cv-readmore btn btn-success\" target=\"_blank\" >Weiterlesen<\/a><\/div><\/div><\/div><\/div><\/div> <\/div> <style>\n\n#pt-cv-view-i5ln5ey3 { border-style: none; }#pt-cv-view-i5ln5ey3 .pt-cv-meta-fields {  }#pt-cv-view-i5ln5ey3 .pt-cv-meta-fields * { font-size: 13px; }#pt-cv-view-i5ln5ey3 .pt-cv-thumb-wrapper:not(.miniwrap) {  }#pt-cv-view-i5ln5ey3 .pt-cv-thumbnail:not(.pt-cv-thumbnailsm) { height: 250px; }#pt-cv-view-i5ln5ey3 .pt-cv-title a { display: block; }#pt-cv-view-i5ln5ey3 .pt-cv-title:not(.pt-cv-titlesm) a { font-weight: 600;text-decoration: none;font-size: 20px; }#pt-cv-view-i5ln5ey3 .pt-cv-titlesm a { font-weight: 600;font-size: 18px; }#pt-cv-view-i5ln5ey3 .pt-cv-content { font-size: 15px; }#pt-cv-view-i5ln5ey3 .pt-cv-rmwrap { text-align: right; }#pt-cv-view-i5ln5ey3 .pt-cv-readmore { color: #fff;background-color: #1d5ea1;font-weight: 700;font-size: 14px;margin: 5px 0px 0px 0px;padding: 10px 15px 10px 15px;border-radius: 20px 20px 20px 20px; }#pt-cv-view-i5ln5ey3 .pt-cv-taxoterm {  }#pt-cv-view-i5ln5ey3 .pt-cv-taxoterm * { color: #222;background-color: #fff6f6;font-size: 14px; }#pt-cv-view-i5ln5ey3 + .pt-cv-pagination-wrapper {  }#pt-cv-view-i5ln5ey3 + .pt-cv-pagination-wrapper a { font-size: 14px; }#pt-cv-view-i5ln5ey3 > .pt-cv-page {grid-template-columns: repeat(3, 1fr);grid-gap: 20px;}#pt-cv-view-i5ln5ey3 .pt-cv-rmwrap:hover {  }#pt-cv-view-i5ln5ey3 .pt-cv-readmore:hover { background-color: #245688; }\n@media all and (max-width: 1024px) { \n#pt-cv-view-i5ln5ey3 > .pt-cv-page {}\n} \n@media all and (max-width: 767px) { \n#pt-cv-view-i5ln5ey3 > .pt-cv-page {grid-template-columns: repeat(1, 1fr);}\n} <\/style>","protected":false},"excerpt":{"rendered":"","protected":false},"author":1,"featured_media":0,"parent":0,"menu_order":0,"comment_status":"closed","ping_status":"closed","template":"","meta":{"_uag_custom_page_level_css":"","footnotes":""},"class_list":["post-453","page","type-page","status-publish","hentry"],"uagb_featured_image_src":{"full":false,"thumbnail":false,"medium":false,"medium_large":false,"large":false,"1536x1536":false,"2048x2048":false,"post-thumbnail":false},"uagb_author_info":{"display_name":"admin","author_link":"https:\/\/maedchenlager.stbruno.de\/?author=1"},"uagb_comment_info":0,"uagb_excerpt":null,"_links":{"self":[{"href":"https:\/\/maedchenlager.stbruno.de\/index.php?rest_route=\/wp\/v2\/pages\/453","targetHints":{"allow":["GET"]}}],"collection":[{"href":"https:\/\/maedchenlager.stbruno.de\/index.php?rest_route=\/wp\/v2\/pages"}],"about":[{"href":"https:\/\/maedchenlager.stbruno.de\/index.php?rest_route=\/wp\/v2\/types\/page"}],"author":[{"embeddable":true,"href":"https:\/\/maedchenlager.stbruno.de\/index.php?rest_route=\/wp\/v2\/users\/1"}],"replies":[{"embeddable":true,"href":"https:\/\/maedchenlager.stbruno.de\/index.php?rest_route=%2Fwp%2Fv2%2Fcomments&post=453"}],"version-history":[{"count":4,"href":"https:\/\/maedchenlager.stbruno.de\/index.php?rest_route=\/wp\/v2\/pages\/453\/revisions"}],"predecessor-version":[{"id":1953,"href":"https:\/\/maedchenlager.stbruno.de\/index.php?rest_route=\/wp\/v2\/pages\/453\/revisions\/1953"}],"wp:attachment":[{"href":"https:\/\/maedchenlager.stbruno.de\/index.php?rest_route=%2Fwp%2Fv2%2Fmedia&parent=453"}],"curies":[{"name":"wp","href":"https:\/\/api.w.org\/{rel}","templated":true}]}}