{"id":1202,"date":"2023-07-24T15:15:38","date_gmt":"2023-07-24T14:15:38","guid":{"rendered":"http:\/\/maedchenlager.stbruno.de\/?page_id=1202"},"modified":"2026-08-16T16:33:01","modified_gmt":"2026-08-16T15:33:01","slug":"tagebuch-2023","status":"publish","type":"page","link":"https:\/\/maedchenlager.stbruno.de\/?page_id=1202","title":{"rendered":"Tagebuch 2023"},"content":{"rendered":"<div class='pt-cv-wrapper'> <div class=\"pt-cv-view pt-cv-blockgrid iscvblock iscvreal grid1 layout2\" id=\"pt-cv-view-i5ln5ey3\"><div data-id=\"pt-cv-page-1\" class=\"pt-cv-page\" data-cvc=\"3\"><div class=\" pt-cv-content-item pt-cv-1-col\" ><div class=\"pt-cv-thumb-wrapper  \"><a href=\"https:\/\/maedchenlager.stbruno.de\/?p=1194\" class=\"_blank pt-cv-href-thumbnail pt-cv-thumb-default\" target=\"_blank\" ><img loading=\"lazy\" decoding=\"async\" width=\"768\" height=\"432\" src=\"https:\/\/maedchenlager.stbruno.de\/wp-content\/uploads\/2023\/07\/3B242E23-BD14-4269-A006-B051CA7CBAC0-768x432.jpeg\" class=\"pt-cv-thumbnail\" alt=\"\" \/><\/a><\/div>\n<div class=\"pt-cv-remain-wrapper\"><h4 class=\"pt-cv-title\"><a href=\"https:\/\/maedchenlager.stbruno.de\/?p=1194\" class=\"_blank\" target=\"_blank\" >Tag 1 (22.07.) &#8211; Ankunft<\/a><\/h4><div class=\"pt-cv-content\">Heute ist es soweit: Das Sommerlager 2023 startet endlich! Nachdem wir uns am Morgen gemeinsam an St. Bruno trafen, erhielten &#8230;<\/div><div class=\"pt-cv-rmwrap\"><a href=\"https:\/\/maedchenlager.stbruno.de\/?p=1194\" class=\"_blank pt-cv-readmore btn btn-success\" target=\"_blank\" >Weiterlesen<\/a><\/div><\/div><\/div>\n<div class=\" pt-cv-content-item pt-cv-1-col\" ><div class=\"pt-cv-thumb-wrapper  \"><a href=\"https:\/\/maedchenlager.stbruno.de\/?p=1232\" class=\"_blank pt-cv-href-thumbnail pt-cv-thumb-default\" target=\"_blank\" ><img loading=\"lazy\" decoding=\"async\" width=\"640\" height=\"480\" src=\"https:\/\/maedchenlager.stbruno.de\/wp-content\/uploads\/2023\/07\/IMG_0827.jpg\" class=\"pt-cv-thumbnail\" alt=\"\" \/><\/a><\/div>\n<div class=\"pt-cv-remain-wrapper\"><h4 class=\"pt-cv-title\"><a href=\"https:\/\/maedchenlager.stbruno.de\/?p=1232\" class=\"_blank\" target=\"_blank\" >Tag 2 (23.07.)<\/a><\/h4><div class=\"pt-cv-content\">Nach dem anstrengenden Tag gestern, erwachte das Lager heute um 08:30 Uhr. Alle schlurften nach und nach zum Fr\u00fchst\u00fcck , &#8230;<\/div><div class=\"pt-cv-rmwrap\"><a href=\"https:\/\/maedchenlager.stbruno.de\/?p=1232\" class=\"_blank pt-cv-readmore btn btn-success\" target=\"_blank\" >Weiterlesen<\/a><\/div><\/div><\/div>\n<div class=\" pt-cv-content-item pt-cv-1-col\" ><div class=\"pt-cv-thumb-wrapper  \"><a href=\"https:\/\/maedchenlager.stbruno.de\/?p=1247\" class=\"_blank pt-cv-href-thumbnail pt-cv-thumb-default\" target=\"_blank\" ><img loading=\"lazy\" decoding=\"async\" width=\"768\" height=\"573\" src=\"https:\/\/maedchenlager.stbruno.de\/wp-content\/uploads\/2023\/07\/4834F8A1-1BEE-460E-863B-7E84BD8AC9D0-768x573.jpeg\" class=\"pt-cv-thumbnail\" alt=\"\" \/><\/a><\/div>\n<div class=\"pt-cv-remain-wrapper\"><h4 class=\"pt-cv-title\"><a href=\"https:\/\/maedchenlager.stbruno.de\/?p=1247\" class=\"_blank\" target=\"_blank\" >Tag 3 (24.07.)<\/a><\/h4><div class=\"pt-cv-content\">Nach dem Aufwachen starteten wir auch den dritten Tag mit einem leckeren Fr\u00fchst\u00fcck, um genug Energie f\u00fcr das erste Spiel &#8230;<\/div><div class=\"pt-cv-rmwrap\"><a href=\"https:\/\/maedchenlager.stbruno.de\/?p=1247\" class=\"_blank pt-cv-readmore btn btn-success\" target=\"_blank\" >Weiterlesen<\/a><\/div><\/div><\/div>\n<div class=\" pt-cv-content-item pt-cv-1-col\" ><div class=\"pt-cv-thumb-wrapper  \"><a href=\"https:\/\/maedchenlager.stbruno.de\/?p=1249\" class=\"_blank pt-cv-href-thumbnail pt-cv-thumb-default\" target=\"_blank\" ><img loading=\"lazy\" decoding=\"async\" width=\"768\" height=\"562\" src=\"https:\/\/maedchenlager.stbruno.de\/wp-content\/uploads\/2023\/07\/B8A70C0A-C1F9-4C84-AA09-1B4D3DF5F349_1_201_a-768x562.jpeg\" class=\"pt-cv-thumbnail\" alt=\"\" \/><\/a><\/div>\n<div class=\"pt-cv-remain-wrapper\"><h4 class=\"pt-cv-title\"><a href=\"https:\/\/maedchenlager.stbruno.de\/?p=1249\" class=\"_blank\" target=\"_blank\" >Tag 4 &#8211; Mottotag (25.07.)<\/a><\/h4><div class=\"pt-cv-content\">&#8230;Es ist Mottotag! Heute morgen wachten die Teilnehmerinnen zu einem geschm\u00fcckten Haus und frisch duftenden Br\u00f6tchen auf. Zum Fr\u00fchstuck wurden &#8230;<\/div><div class=\"pt-cv-rmwrap\"><a href=\"https:\/\/maedchenlager.stbruno.de\/?p=1249\" class=\"_blank pt-cv-readmore btn btn-success\" target=\"_blank\" >Weiterlesen<\/a><\/div><\/div><\/div>\n<div class=\" pt-cv-content-item pt-cv-1-col\" ><div class=\"pt-cv-thumb-wrapper  \"><a href=\"https:\/\/maedchenlager.stbruno.de\/?p=1292\" class=\"_blank pt-cv-href-thumbnail pt-cv-thumb-default\" target=\"_blank\" ><img loading=\"lazy\" decoding=\"async\" width=\"768\" height=\"1000\" src=\"https:\/\/maedchenlager.stbruno.de\/wp-content\/uploads\/2023\/07\/EF458907-BBE1-4777-98FB-D2CA00D112CA-768x1000.jpeg\" class=\"pt-cv-thumbnail\" alt=\"\" \/><\/a><\/div>\n<div class=\"pt-cv-remain-wrapper\"><h4 class=\"pt-cv-title\"><a href=\"https:\/\/maedchenlager.stbruno.de\/?p=1292\" class=\"_blank\" target=\"_blank\" >Tag 5 (26.07.)<\/a><\/h4><div class=\"pt-cv-content\">Ausnahmsweise erwachte die Lagergemeinschaft an diesem Mittwoch sp\u00e4ter als sonst, denn es stand L\u00fcmmelfr\u00fchst\u00fcck auf dem Plan! Jeder hatte die &#8230;<\/div><div class=\"pt-cv-rmwrap\"><a href=\"https:\/\/maedchenlager.stbruno.de\/?p=1292\" class=\"_blank pt-cv-readmore btn btn-success\" target=\"_blank\" >Weiterlesen<\/a><\/div><\/div><\/div>\n<div class=\" pt-cv-content-item pt-cv-1-col\" ><div class=\"pt-cv-thumb-wrapper  \"><a href=\"https:\/\/maedchenlager.stbruno.de\/?p=1307\" class=\"_blank pt-cv-href-thumbnail pt-cv-thumb-default\" target=\"_blank\" ><img loading=\"lazy\" decoding=\"async\" width=\"768\" height=\"573\" src=\"https:\/\/maedchenlager.stbruno.de\/wp-content\/uploads\/2023\/07\/2E8639A8-E262-4B09-ADEC-00D85C8FE7D3-768x573.jpeg\" class=\"pt-cv-thumbnail\" alt=\"\" \/><\/a><\/div>\n<div class=\"pt-cv-remain-wrapper\"><h4 class=\"pt-cv-title\"><a href=\"https:\/\/maedchenlager.stbruno.de\/?p=1307\" class=\"_blank\" target=\"_blank\" >Tag 6 (27.07.)<\/a><\/h4><div class=\"pt-cv-content\">Heute startete das Lager nach dem Fr\u00fchst\u00fcck mit einer etwas regnerischen, dennoch spa\u00dfigen Runde &#8222;Capture the flag&#8220; in den Tag &#8230;<\/div><div class=\"pt-cv-rmwrap\"><a href=\"https:\/\/maedchenlager.stbruno.de\/?p=1307\" class=\"_blank pt-cv-readmore btn btn-success\" target=\"_blank\" >Weiterlesen<\/a><\/div><\/div><\/div>\n<div class=\" pt-cv-content-item pt-cv-1-col\" ><div class=\"pt-cv-thumb-wrapper  \"><a href=\"https:\/\/maedchenlager.stbruno.de\/?p=1318\" class=\"_blank pt-cv-href-thumbnail pt-cv-thumb-default\" target=\"_blank\" ><img loading=\"lazy\" decoding=\"async\" width=\"768\" height=\"570\" src=\"https:\/\/maedchenlager.stbruno.de\/wp-content\/uploads\/2023\/07\/466438C8-04F1-4A06-B311-EF82C72481CD-768x570.jpeg\" class=\"pt-cv-thumbnail\" alt=\"\" \/><\/a><\/div>\n<div class=\"pt-cv-remain-wrapper\"><h4 class=\"pt-cv-title\"><a href=\"https:\/\/maedchenlager.stbruno.de\/?p=1318\" class=\"_blank\" target=\"_blank\" >Tag 7 (28.07.)<\/a><\/h4><div class=\"pt-cv-content\">Der heutige Tag begann um 9 Uhr mit dem morgendlichen Wecken. Nach einem st\u00e4rkenden Fr\u00fchst\u00fcck ging es weiter mit Angeboten &#8230;<\/div><div class=\"pt-cv-rmwrap\"><a href=\"https:\/\/maedchenlager.stbruno.de\/?p=1318\" class=\"_blank pt-cv-readmore btn btn-success\" target=\"_blank\" >Weiterlesen<\/a><\/div><\/div><\/div>\n<div class=\" pt-cv-content-item pt-cv-1-col\" ><div class=\"pt-cv-thumb-wrapper  \"><a href=\"https:\/\/maedchenlager.stbruno.de\/?p=1330\" class=\"_blank pt-cv-href-thumbnail pt-cv-thumb-default\" target=\"_blank\" ><img loading=\"lazy\" decoding=\"async\" width=\"768\" height=\"1018\" src=\"https:\/\/maedchenlager.stbruno.de\/wp-content\/uploads\/2023\/07\/D94B068F-772A-4D14-9210-855DE50FA1DE-768x1018.jpeg\" class=\"pt-cv-thumbnail\" alt=\"\" \/><\/a><\/div>\n<div class=\"pt-cv-remain-wrapper\"><h4 class=\"pt-cv-title\"><a href=\"https:\/\/maedchenlager.stbruno.de\/?p=1330\" class=\"_blank\" target=\"_blank\" >Tag 8 (29.07.)<\/a><\/h4><div class=\"pt-cv-content\">Der Samstag Morgen startete zwar sonnig, aber die aufkommende Freude wurde durch dicke Regenwolken zunichte gemacht. Doch der Regen war &#8230;<\/div><div class=\"pt-cv-rmwrap\"><a href=\"https:\/\/maedchenlager.stbruno.de\/?p=1330\" class=\"_blank pt-cv-readmore btn btn-success\" target=\"_blank\" >Weiterlesen<\/a><\/div><\/div><\/div>\n<div class=\" pt-cv-content-item pt-cv-1-col\" ><div class=\"pt-cv-thumb-wrapper  \"><a href=\"https:\/\/maedchenlager.stbruno.de\/?p=1340\" class=\"_blank pt-cv-href-thumbnail pt-cv-thumb-default\" target=\"_blank\" ><img loading=\"lazy\" decoding=\"async\" width=\"768\" height=\"572\" src=\"https:\/\/maedchenlager.stbruno.de\/wp-content\/uploads\/2023\/07\/855E1273-399E-42FD-BE8E-94BD162EF1E6-768x572.jpeg\" class=\"pt-cv-thumbnail\" alt=\"\" \/><\/a><\/div>\n<div class=\"pt-cv-remain-wrapper\"><h4 class=\"pt-cv-title\"><a href=\"https:\/\/maedchenlager.stbruno.de\/?p=1340\" class=\"_blank\" target=\"_blank\" >Tag 9 (30.07.)<\/a><\/h4><div class=\"pt-cv-content\">Das zweite L\u00fcmmelfr\u00fchst\u00fcck stand heute an und somit war es kein Wunder, dass das SoLa Haus bis in die sp\u00e4ten &#8230;<\/div><div class=\"pt-cv-rmwrap\"><a href=\"https:\/\/maedchenlager.stbruno.de\/?p=1340\" class=\"_blank pt-cv-readmore btn btn-success\" target=\"_blank\" >Weiterlesen<\/a><\/div><\/div><\/div>\n<div class=\" pt-cv-content-item pt-cv-1-col\" ><div class=\"pt-cv-thumb-wrapper  \"><a href=\"https:\/\/maedchenlager.stbruno.de\/?p=1384\" class=\"_blank pt-cv-href-thumbnail pt-cv-thumb-default\" target=\"_blank\" ><img loading=\"lazy\" decoding=\"async\" width=\"768\" height=\"569\" src=\"https:\/\/maedchenlager.stbruno.de\/wp-content\/uploads\/2023\/08\/5C1510F4-9E2D-4541-8825-70FB93CD26D9-768x569.jpeg\" class=\"pt-cv-thumbnail\" alt=\"\" \/><\/a><\/div>\n<div class=\"pt-cv-remain-wrapper\"><h4 class=\"pt-cv-title\"><a href=\"https:\/\/maedchenlager.stbruno.de\/?p=1384\" class=\"_blank\" target=\"_blank\" >Tag 10 (31.07)- Teilnehmertag<\/a><\/h4><div class=\"pt-cv-content\">F\u00fcr das Leiterteam beutet das Sommerlager viel Planung und Organisation. Wie w\u00fcrde es aussehen, w\u00fcrden Teilnehmerinnen und Leiterinnen f\u00fcr einen &#8230;<\/div><div class=\"pt-cv-rmwrap\"><a href=\"https:\/\/maedchenlager.stbruno.de\/?p=1384\" class=\"_blank pt-cv-readmore btn btn-success\" target=\"_blank\" >Weiterlesen<\/a><\/div><\/div><\/div>\n<div class=\" pt-cv-content-item pt-cv-1-col\" ><div class=\"pt-cv-thumb-wrapper  \"><a href=\"https:\/\/maedchenlager.stbruno.de\/?p=1396\" class=\"_blank pt-cv-href-thumbnail pt-cv-thumb-default\" target=\"_blank\" ><img loading=\"lazy\" decoding=\"async\" width=\"768\" height=\"563\" src=\"https:\/\/maedchenlager.stbruno.de\/wp-content\/uploads\/2023\/08\/45C15103-4524-428D-B324-FDCFA369EF9D-768x563.jpeg\" class=\"pt-cv-thumbnail\" alt=\"\" \/><\/a><\/div>\n<div class=\"pt-cv-remain-wrapper\"><h4 class=\"pt-cv-title\"><a href=\"https:\/\/maedchenlager.stbruno.de\/?p=1396\" class=\"_blank\" target=\"_blank\" >Tag 11 (01.08)<\/a><\/h4><div class=\"pt-cv-content\">Die zweite Woche des Lagers schreitet so langsam voran und damit wir uns auch noch die n\u00e4chsten Tage richtig wohl &#8230;<\/div><div class=\"pt-cv-rmwrap\"><a href=\"https:\/\/maedchenlager.stbruno.de\/?p=1396\" class=\"_blank pt-cv-readmore btn btn-success\" target=\"_blank\" >Weiterlesen<\/a><\/div><\/div><\/div>\n<div class=\" pt-cv-content-item pt-cv-1-col\" ><div class=\"pt-cv-thumb-wrapper  \"><a href=\"https:\/\/maedchenlager.stbruno.de\/?p=1414\" class=\"_blank pt-cv-href-thumbnail pt-cv-thumb-default\" target=\"_blank\" ><img loading=\"lazy\" decoding=\"async\" width=\"768\" height=\"705\" src=\"https:\/\/maedchenlager.stbruno.de\/wp-content\/uploads\/2023\/08\/45D99316-59F7-4F78-AB3E-737445588219-768x705.jpeg\" class=\"pt-cv-thumbnail\" alt=\"\" \/><\/a><\/div>\n<div class=\"pt-cv-remain-wrapper\"><h4 class=\"pt-cv-title\"><a href=\"https:\/\/maedchenlager.stbruno.de\/?p=1414\" class=\"_blank\" target=\"_blank\" >Tag 13 (03.08)<\/a><\/h4><div class=\"pt-cv-content\">Den Donnerstag starteten wir noch einmal ganz entspannt mit einem L\u00fcmmelfr\u00fchst\u00fcck nach dem aufregenden Ausflug gestern. Die Teilnehmerinnen wurden morgens &#8230;<\/div><div class=\"pt-cv-rmwrap\"><a href=\"https:\/\/maedchenlager.stbruno.de\/?p=1414\" class=\"_blank pt-cv-readmore btn btn-success\" target=\"_blank\" >Weiterlesen<\/a><\/div><\/div><\/div>\n<div class=\" pt-cv-content-item pt-cv-1-col\" ><div class=\"pt-cv-thumb-wrapper  \"><a href=\"https:\/\/maedchenlager.stbruno.de\/?p=1424\" class=\"_blank pt-cv-href-thumbnail pt-cv-thumb-default\" target=\"_blank\" ><img loading=\"lazy\" decoding=\"async\" width=\"768\" height=\"578\" src=\"https:\/\/maedchenlager.stbruno.de\/wp-content\/uploads\/2023\/08\/0C1AFDA3-7C71-4644-B0CB-806D7D0A3C9B-768x578.jpeg\" class=\"pt-cv-thumbnail\" alt=\"\" \/><\/a><\/div>\n<div class=\"pt-cv-remain-wrapper\"><h4 class=\"pt-cv-title\"><a href=\"https:\/\/maedchenlager.stbruno.de\/?p=1424\" class=\"_blank\" target=\"_blank\" >Tag 12 (02.08)<\/a><\/h4><div class=\"pt-cv-content\">Bereits beim Fr\u00fchst\u00fcck spekulierten die Teilnehmerinnen, wohin unser Ausflug gehen wird. Die Beschriftung auf dem Tagesplan wirft viel Verwirrung in &#8230;<\/div><div class=\"pt-cv-rmwrap\"><a href=\"https:\/\/maedchenlager.stbruno.de\/?p=1424\" class=\"_blank pt-cv-readmore btn btn-success\" target=\"_blank\" >Weiterlesen<\/a><\/div><\/div><\/div><\/div><\/div> <\/div> <style>\n\n#pt-cv-view-i5ln5ey3 { border-style: none; }#pt-cv-view-i5ln5ey3 .pt-cv-meta-fields {  }#pt-cv-view-i5ln5ey3 .pt-cv-meta-fields * { font-size: 13px; }#pt-cv-view-i5ln5ey3 .pt-cv-thumb-wrapper:not(.miniwrap) {  }#pt-cv-view-i5ln5ey3 .pt-cv-thumbnail:not(.pt-cv-thumbnailsm) { height: 250px; }#pt-cv-view-i5ln5ey3 .pt-cv-title a { display: block; }#pt-cv-view-i5ln5ey3 .pt-cv-title:not(.pt-cv-titlesm) a { font-weight: 600;text-decoration: none;font-size: 20px; }#pt-cv-view-i5ln5ey3 .pt-cv-titlesm a { font-weight: 600;font-size: 18px; }#pt-cv-view-i5ln5ey3 .pt-cv-content { font-size: 15px; }#pt-cv-view-i5ln5ey3 .pt-cv-rmwrap { text-align: right; }#pt-cv-view-i5ln5ey3 .pt-cv-readmore { color: #fff;background-color: #1d5ea1;font-weight: 700;font-size: 14px;margin: 5px 0px 0px 0px;padding: 10px 15px 10px 15px;border-radius: 20px 20px 20px 20px; }#pt-cv-view-i5ln5ey3 .pt-cv-taxoterm {  }#pt-cv-view-i5ln5ey3 .pt-cv-taxoterm * { color: #222;background-color: #fff6f6;font-size: 14px; }#pt-cv-view-i5ln5ey3 + .pt-cv-pagination-wrapper {  }#pt-cv-view-i5ln5ey3 + .pt-cv-pagination-wrapper a { font-size: 14px; }#pt-cv-view-i5ln5ey3 > .pt-cv-page {grid-template-columns: repeat(3, 1fr);grid-gap: 20px;}#pt-cv-view-i5ln5ey3 .pt-cv-rmwrap:hover {  }#pt-cv-view-i5ln5ey3 .pt-cv-readmore:hover { background-color: #245688; }\n@media all and (max-width: 1024px) { \n#pt-cv-view-i5ln5ey3 > .pt-cv-page {}\n} \n@media all and (max-width: 767px) { \n#pt-cv-view-i5ln5ey3 > .pt-cv-page {grid-template-columns: repeat(1, 1fr);}\n} <\/style>","protected":false},"excerpt":{"rendered":"","protected":false},"author":1,"featured_media":0,"parent":0,"menu_order":0,"comment_status":"closed","ping_status":"closed","template":"","meta":{"_uag_custom_page_level_css":"","footnotes":""},"class_list":["post-1202","page","type-page","status-publish","hentry"],"uagb_featured_image_src":{"full":false,"thumbnail":false,"medium":false,"medium_large":false,"large":false,"1536x1536":false,"2048x2048":false,"post-thumbnail":false},"uagb_author_info":{"display_name":"admin","author_link":"https:\/\/maedchenlager.stbruno.de\/?author=1"},"uagb_comment_info":0,"uagb_excerpt":null,"_links":{"self":[{"href":"https:\/\/maedchenlager.stbruno.de\/index.php?rest_route=\/wp\/v2\/pages\/1202","targetHints":{"allow":["GET"]}}],"collection":[{"href":"https:\/\/maedchenlager.stbruno.de\/index.php?rest_route=\/wp\/v2\/pages"}],"about":[{"href":"https:\/\/maedchenlager.stbruno.de\/index.php?rest_route=\/wp\/v2\/types\/page"}],"author":[{"embeddable":true,"href":"https:\/\/maedchenlager.stbruno.de\/index.php?rest_route=\/wp\/v2\/users\/1"}],"replies":[{"embeddable":true,"href":"https:\/\/maedchenlager.stbruno.de\/index.php?rest_route=%2Fwp%2Fv2%2Fcomments&post=1202"}],"version-history":[{"count":6,"href":"https:\/\/maedchenlager.stbruno.de\/index.php?rest_route=\/wp\/v2\/pages\/1202\/revisions"}],"predecessor-version":[{"id":1939,"href":"https:\/\/maedchenlager.stbruno.de\/index.php?rest_route=\/wp\/v2\/pages\/1202\/revisions\/1939"}],"wp:attachment":[{"href":"https:\/\/maedchenlager.stbruno.de\/index.php?rest_route=%2Fwp%2Fv2%2Fmedia&parent=1202"}],"curies":[{"name":"wp","href":"https:\/\/api.w.org\/{rel}","templated":true}]}}